{"id":1586,"date":"2021-12-08T10:30:07","date_gmt":"2021-12-08T08:30:07","guid":{"rendered":"https:\/\/www.kellomuseo.fi\/holvi\/?post_type=product&#038;p=1586"},"modified":"2021-12-13T11:55:01","modified_gmt":"2021-12-13T09:55:01","slug":"kello-muistuttaa-koulun-ominaistuoksusta","status":"publish","type":"product","link":"https:\/\/www.kellomuseo.fi\/holvi\/tuote\/kello-muistuttaa-koulun-ominaistuoksusta\/","title":{"rendered":"Kello muistuttaa koulun ominaistuoksusta"},"content":{"rendered":"<p class=\"p1\">Sain ensimm\u00e4isen rannekelloni, kun aloitin kansakoulun ensimm\u00e4isen luokan syyskuun alussa 1965. Joulukuun alussa t\u00e4ytin seitsem\u00e4n vuotta.<\/p>\n<p class=\"p1\">Asuimme maalaiskyl\u00e4ss\u00e4, jossa oli silloin ja on viel\u00e4kin oma koulu. \u00c4itini oli innokas ja edistyksellinen persoona. Kenell\u00e4k\u00e4\u00e4n muulla 13 eka luokalla olijasta ei ollut kelloa. Jouduinkin usein n\u00e4ytt\u00e4m\u00e4\u00e4n kelloa muille tyt\u00f6ille.<\/p>\n<p class=\"p1\">Kellon ostimme yhdess\u00e4 \u00e4itini kanssa naapurikunnan kultasep\u00e4nliikkeest\u00e4. Kello oli merkilt\u00e4\u00e4n Ajax varustettuna ruskealla nahkahihnalla. Kello on viel\u00e4kin minulla tallessa juhlaolohuoneen kaapissa. Muutenkin se oli hirvitt\u00e4v\u00e4n kest\u00e4v\u00e4 verrattuna nykymaailman hienouksiin. Seuraavan rannekellon sain vasta menness\u00e4ni kihloihin nykyisen mieheni kanssa 1978. Kello seurasi minua koko kouluajan. Ylioppilaskuvassanikin se n\u00e4ytt\u00e4\u00e4 olevan ranteessa. Vuosien aikana siin\u00e4 on ollut useita rannekkeita.<\/p>\n<p class=\"p1\">En ole k\u00e4ytt\u00e4nyt rannekelloa pitk\u00e4\u00e4n aikaan, kun se k\u00e4nnykk\u00e4 on niin k\u00e4tev\u00e4. T\u00e4llainen viisikymppinen melkein \u201del\u00e4kel\u00e4inen\u201d on harvoin niin kiireinen, ett\u00e4 tarvitsee katsoa kelloa koko ajan.<\/p>\n<p class=\"p1\">\u00c4itini halusi varmaan osoittaa minulle kellon hankinnalla, ett\u00e4 olen jo koululainen ja huolehdin tavaroistani. Tietenkin olin hiukan etuoikeutettu ainoana lapsena.<\/p>\n<p class=\"p1\">Kello tuo minulle mieleen kansakoululle ominaisen tuoksun, jota ei ole en\u00e4\u00e4 nykyajan peruskoulussa. Samalla tulee kyynel silm\u00e4\u00e4n, kun muistelen haimasy\u00f6p\u00e4\u00e4n menehtynytt\u00e4 \u00e4iti\u00e4ni.<\/p>\n<p>&nbsp;<\/p>\n<p class=\"p3\">Anonyymi<\/p>\n","protected":false},"excerpt":{"rendered":"<p>Sain ensimm\u00e4isen rannekelloni, kun aloitin kansakoulun ensimm\u00e4isen luokan syyskuun alussa 1965. Joulukuun alussa t\u00e4ytin seitsem\u00e4n vuotta. Asuimme maalaiskyl\u00e4ss\u00e4, jossa oli silloin ja on viel\u00e4kin oma koulu. \u00c4itini oli innokas ja edistyksellinen persoona. Kenell\u00e4k\u00e4\u00e4n muulla 13 eka luokalla olijasta ei ollut kelloa. Jouduinkin usein n\u00e4ytt\u00e4m\u00e4\u00e4n kelloa muille tyt\u00f6ille. Kellon ostimme yhdess\u00e4 \u00e4itini kanssa naapurikunnan kultasep\u00e4nliikkeest\u00e4. Kello [&hellip;]<\/p>\n","protected":false},"featured_media":0,"comment_status":"closed","ping_status":"closed","template":"","meta":[],"product_cat":[38],"product_tag":[36,63,62],"_links":{"self":[{"href":"https:\/\/www.kellomuseo.fi\/holvi\/wp-json\/wp\/v2\/product\/1586"}],"collection":[{"href":"https:\/\/www.kellomuseo.fi\/holvi\/wp-json\/wp\/v2\/product"}],"about":[{"href":"https:\/\/www.kellomuseo.fi\/holvi\/wp-json\/wp\/v2\/types\/product"}],"replies":[{"embeddable":true,"href":"https:\/\/www.kellomuseo.fi\/holvi\/wp-json\/wp\/v2\/comments?post=1586"}],"wp:attachment":[{"href":"https:\/\/www.kellomuseo.fi\/holvi\/wp-json\/wp\/v2\/media?parent=1586"}],"wp:term":[{"taxonomy":"product_cat","embeddable":true,"href":"https:\/\/www.kellomuseo.fi\/holvi\/wp-json\/wp\/v2\/product_cat?post=1586"},{"taxonomy":"product_tag","embeddable":true,"href":"https:\/\/www.kellomuseo.fi\/holvi\/wp-json\/wp\/v2\/product_tag?post=1586"}],"curies":[{"name":"wp","href":"https:\/\/api.w.org\/{rel}","templated":true}]}}